{"id":10174,"date":"2022-10-03T13:19:10","date_gmt":"2022-10-03T11:19:10","guid":{"rendered":"https:\/\/www.fampa-valencia.org\/?page_id=10174\/"},"modified":"2022-10-03T13:19:15","modified_gmt":"2022-10-03T11:19:15","slug":"educacion-afectivo-sexual","status":"publish","type":"page","link":"https:\/\/www.fampa-valencia.org\/es\/educacion-afectivo-sexual\/","title":{"rendered":"Educaci\u00f3n afectivo-sexual"},"content":{"rendered":"\n<p>Es parte de la relaci\u00f3n diaria de las personas adultas con sus hijos e hijas abordar la dimensi\u00f3n sexual de las personas de manera positiva y saludable, teniendo en cuenta los aspectos f\u00edsicos, psicol\u00f3gicos y sociales de la sexualidad, trabajando la autoestima, as\u00ed como aprender a valorar la diversidad, esa riqueza en la variedad de cuerpos, de maneras de ser y maneras de entender la sexualidad y las relaciones.<\/p>\n\n\n\n<p>Y para lo cual, tienen que recibir una educaci\u00f3n afectivo sexual sin tab\u00faes, no sexista, no realizar diferencias entre el placer de los ni\u00f1os del de las ni\u00f1as<\/p>\n\n\n\n<p>Construcci\u00f3n de unas relaciones saludables, satisfactorias, responsables y no discriminatorias por razones de g\u00e9nero u orientaci\u00f3n sexual. En definitiva, la educaci\u00f3n afectivo-sexual tiene que promover una resoluci\u00f3n satisfactoria de nuestras necesidades de intimidad y vinculaci\u00f3n.<\/p>\n","protected":false},"excerpt":{"rendered":"<p>Es parte de la relaci\u00f3n diaria de las personas adultas con sus hijos e hijas abordar la dimensi\u00f3n sexual de las personas de manera positiva y [&hellip;]<\/p>\n","protected":false},"author":5,"featured_media":0,"parent":0,"menu_order":0,"comment_status":"closed","ping_status":"closed","template":"","meta":[],"yoast_head":"<!-- This site is optimized with the Yoast SEO plugin v19.2 - https:\/\/yoast.com\/wordpress\/plugins\/seo\/ -->\n<title>Educaci\u00f3n afectivo-sexual | FAMPA Val\u00e8ncia<\/title>\n<meta name=\"robots\" content=\"index, follow, max-snippet:-1, max-image-preview:large, max-video-preview:-1\" \/>\n<link rel=\"canonical\" href=\"https:\/\/www.fampa-valencia.org\/es\/educacion-afectivo-sexual\/\" \/>\n<meta property=\"og:locale\" content=\"es_ES\" \/>\n<meta property=\"og:type\" content=\"article\" \/>\n<meta property=\"og:title\" content=\"Educaci\u00f3n afectivo-sexual | FAMPA Val\u00e8ncia\" \/>\n<meta property=\"og:description\" content=\"Es parte de la relaci\u00f3n diaria de las personas adultas con sus hijos e hijas abordar la dimensi\u00f3n sexual de las personas de manera positiva y [&hellip;]\" \/>\n<meta property=\"og:url\" content=\"https:\/\/www.fampa-valencia.org\/es\/educacion-afectivo-sexual\/\" \/>\n<meta property=\"og:site_name\" content=\"FAMPA Val\u00e8ncia\" \/>\n<meta property=\"article:publisher\" content=\"https:\/\/www.facebook.com\/fapa.valencia\/?fref=ts\" \/>\n<meta property=\"article:modified_time\" content=\"2022-10-03T11:19:15+00:00\" \/>\n<meta name=\"author\" content=\"FAMPA Val\u00e8ncia\" \/>\n<meta name=\"twitter:card\" content=\"summary\" \/>\n<meta name=\"twitter:site\" content=\"@FAPAValencia\" \/>\n<meta name=\"twitter:label1\" content=\"Tiempo de lectura\" \/>\n\t<meta name=\"twitter:data1\" content=\"1 minuto\" \/>\n<script type=\"application\/ld+json\" class=\"yoast-schema-graph\">{\"@context\":\"https:\/\/schema.org\",\"@graph\":[{\"@type\":\"WebSite\",\"@id\":\"https:\/\/www.fampa-valencia.org\/#website\",\"url\":\"https:\/\/www.fampa-valencia.org\/\",\"name\":\"FAMPA Val\u00e8ncia\",\"description\":\"Fampa-Valencia. Federaci\u00f3n de Asociaciones de Padres i Madres de Alumnos Provincia de Valencia\",\"potentialAction\":[{\"@type\":\"SearchAction\",\"target\":{\"@type\":\"EntryPoint\",\"urlTemplate\":\"https:\/\/www.fampa-valencia.org\/?s={search_term_string}\"},\"query-input\":\"required name=search_term_string\"}],\"inLanguage\":\"es\"},{\"@type\":\"WebPage\",\"@id\":\"https:\/\/www.fampa-valencia.org\/es\/educacion-afectivo-sexual\/#webpage\",\"url\":\"https:\/\/www.fampa-valencia.org\/es\/educacion-afectivo-sexual\/\",\"name\":\"Educaci\u00f3n afectivo-sexual | FAMPA Val\u00e8ncia\",\"isPartOf\":{\"@id\":\"https:\/\/www.fampa-valencia.org\/#website\"},\"datePublished\":\"2022-10-03T11:19:10+00:00\",\"dateModified\":\"2022-10-03T11:19:15+00:00\",\"breadcrumb\":{\"@id\":\"https:\/\/www.fampa-valencia.org\/es\/educacion-afectivo-sexual\/#breadcrumb\"},\"inLanguage\":\"es\",\"potentialAction\":[{\"@type\":\"ReadAction\",\"target\":[\"https:\/\/www.fampa-valencia.org\/es\/educacion-afectivo-sexual\/\"]}]},{\"@type\":\"BreadcrumbList\",\"@id\":\"https:\/\/www.fampa-valencia.org\/es\/educacion-afectivo-sexual\/#breadcrumb\",\"itemListElement\":[{\"@type\":\"ListItem\",\"position\":1,\"name\":\"Inici\",\"item\":\"https:\/\/www.fampa-valencia.org\/es\/\"},{\"@type\":\"ListItem\",\"position\":2,\"name\":\"Educaci\u00f3n afectivo-sexual\"}]}]}<\/script>\n<!-- \/ Yoast SEO plugin. -->","yoast_head_json":{"title":"Educaci\u00f3n afectivo-sexual | FAMPA Val\u00e8ncia","robots":{"index":"index","follow":"follow","max-snippet":"max-snippet:-1","max-image-preview":"max-image-preview:large","max-video-preview":"max-video-preview:-1"},"canonical":"https:\/\/www.fampa-valencia.org\/es\/educacion-afectivo-sexual\/","og_locale":"es_ES","og_type":"article","og_title":"Educaci\u00f3n afectivo-sexual | FAMPA Val\u00e8ncia","og_description":"Es parte de la relaci\u00f3n diaria de las personas adultas con sus hijos e hijas abordar la dimensi\u00f3n sexual de las personas de manera positiva y [&hellip;]","og_url":"https:\/\/www.fampa-valencia.org\/es\/educacion-afectivo-sexual\/","og_site_name":"FAMPA Val\u00e8ncia","article_publisher":"https:\/\/www.facebook.com\/fapa.valencia\/?fref=ts","article_modified_time":"2022-10-03T11:19:15+00:00","author":"FAMPA Val\u00e8ncia","twitter_card":"summary","twitter_site":"@FAPAValencia","twitter_misc":{"Tiempo de lectura":"1 minuto"},"schema":{"@context":"https:\/\/schema.org","@graph":[{"@type":"WebSite","@id":"https:\/\/www.fampa-valencia.org\/#website","url":"https:\/\/www.fampa-valencia.org\/","name":"FAMPA Val\u00e8ncia","description":"Fampa-Valencia. Federaci\u00f3n de Asociaciones de Padres i Madres de Alumnos Provincia de Valencia","potentialAction":[{"@type":"SearchAction","target":{"@type":"EntryPoint","urlTemplate":"https:\/\/www.fampa-valencia.org\/?s={search_term_string}"},"query-input":"required name=search_term_string"}],"inLanguage":"es"},{"@type":"WebPage","@id":"https:\/\/www.fampa-valencia.org\/es\/educacion-afectivo-sexual\/#webpage","url":"https:\/\/www.fampa-valencia.org\/es\/educacion-afectivo-sexual\/","name":"Educaci\u00f3n afectivo-sexual | FAMPA Val\u00e8ncia","isPartOf":{"@id":"https:\/\/www.fampa-valencia.org\/#website"},"datePublished":"2022-10-03T11:19:10+00:00","dateModified":"2022-10-03T11:19:15+00:00","breadcrumb":{"@id":"https:\/\/www.fampa-valencia.org\/es\/educacion-afectivo-sexual\/#breadcrumb"},"inLanguage":"es","potentialAction":[{"@type":"ReadAction","target":["https:\/\/www.fampa-valencia.org\/es\/educacion-afectivo-sexual\/"]}]},{"@type":"BreadcrumbList","@id":"https:\/\/www.fampa-valencia.org\/es\/educacion-afectivo-sexual\/#breadcrumb","itemListElement":[{"@type":"ListItem","position":1,"name":"Inici","item":"https:\/\/www.fampa-valencia.org\/es\/"},{"@type":"ListItem","position":2,"name":"Educaci\u00f3n afectivo-sexual"}]}]}},"_links":{"self":[{"href":"https:\/\/www.fampa-valencia.org\/es\/wp-json\/wp\/v2\/pages\/10174"}],"collection":[{"href":"https:\/\/www.fampa-valencia.org\/es\/wp-json\/wp\/v2\/pages"}],"about":[{"href":"https:\/\/www.fampa-valencia.org\/es\/wp-json\/wp\/v2\/types\/page"}],"author":[{"embeddable":true,"href":"https:\/\/www.fampa-valencia.org\/es\/wp-json\/wp\/v2\/users\/5"}],"replies":[{"embeddable":true,"href":"https:\/\/www.fampa-valencia.org\/es\/wp-json\/wp\/v2\/comments?post=10174"}],"version-history":[{"count":1,"href":"https:\/\/www.fampa-valencia.org\/es\/wp-json\/wp\/v2\/pages\/10174\/revisions"}],"predecessor-version":[{"id":10175,"href":"https:\/\/www.fampa-valencia.org\/es\/wp-json\/wp\/v2\/pages\/10174\/revisions\/10175"}],"wp:attachment":[{"href":"https:\/\/www.fampa-valencia.org\/es\/wp-json\/wp\/v2\/media?parent=10174"}],"curies":[{"name":"wp","href":"https:\/\/api.w.org\/{rel}","templated":true}]}}